{"id":2068,"date":"2021-06-01T10:31:22","date_gmt":"2021-06-01T09:31:22","guid":{"rendered":"https:\/\/www.all-in-one-mallorca.com\/condiciones\/"},"modified":"2021-06-01T10:31:24","modified_gmt":"2021-06-01T09:31:24","slug":"condiciones","status":"publish","type":"page","link":"https:\/\/www.all-in-one-mallorca.com\/es\/condiciones\/","title":{"rendered":"Condiciones"},"content":{"rendered":"\t\t<div data-elementor-type=\"wp-page\" data-elementor-id=\"2068\" class=\"elementor elementor-2068 elementor-1339\" data-elementor-post-type=\"page\">\n\t\t\t\t\t\t<section class=\"elementor-section elementor-top-section elementor-element elementor-element-60b0691 elementor-section-boxed elementor-section-height-default elementor-section-height-default\" data-id=\"60b0691\" data-element_type=\"section\" data-e-type=\"section\" data-settings=\"{&quot;background_background&quot;:&quot;classic&quot;}\">\n\t\t\t\t\t\t\t<div class=\"elementor-background-overlay\"><\/div>\n\t\t\t\t\t\t\t<div class=\"elementor-container elementor-column-gap-default\">\n\t\t\t\t\t<div class=\"elementor-column elementor-col-100 elementor-top-column elementor-element elementor-element-ca7a328\" data-id=\"ca7a328\" data-element_type=\"column\" data-e-type=\"column\">\n\t\t\t<div class=\"elementor-widget-wrap elementor-element-populated\">\n\t\t\t\t\t\t<div class=\"elementor-element elementor-element-a576273 elementor-widget elementor-widget-heading\" data-id=\"a576273\" data-element_type=\"widget\" data-e-type=\"widget\" data-widget_type=\"heading.default\">\n\t\t\t\t<div class=\"elementor-widget-container\">\n\t\t\t\t\t<h1 class=\"elementor-heading-title elementor-size-default\">T\u00e9rminos de servicio<\/h1>\t\t\t\t<\/div>\n\t\t\t\t<\/div>\n\t\t\t\t<div class=\"elementor-element elementor-element-bef5aba elementor-widget elementor-widget-heading\" data-id=\"bef5aba\" data-element_type=\"widget\" data-e-type=\"widget\" data-widget_type=\"heading.default\">\n\t\t\t\t<div class=\"elementor-widget-container\">\n\t\t\t\t\t<h2 class=\"elementor-heading-title elementor-size-default\">1. Condiciones de alquiler de Harley Rentals by ALL IN ONE MALLORCA<\/h2>\t\t\t\t<\/div>\n\t\t\t\t<\/div>\n\t\t\t\t<div class=\"elementor-element elementor-element-a943cf9 elementor-widget elementor-widget-text-editor\" data-id=\"a943cf9\" data-element_type=\"widget\" data-e-type=\"widget\" data-widget_type=\"text-editor.default\">\n\t\t\t\t<div class=\"elementor-widget-container\">\n\t\t\t\t\t\t\t\t\t<p><span class=\"VIiyi\" lang=\"es\"><span class=\"JLqJ4b ChMk0b\" data-language-for-alternatives=\"es\" data-language-to-translate-into=\"de\" data-phrase-index=\"0\">La edad m\u00ednima para alquilar una Harley es de 25 a\u00f1os y el conductor debe tener su carnet de moto de al menos 2 a\u00f1os.<\/span><\/span><\/p>\n\t\t\t\t\t\t\t\t<\/div>\n\t\t\t\t<\/div>\n\t\t\t\t<div class=\"elementor-element elementor-element-9ff6c0b elementor-widget elementor-widget-heading\" data-id=\"9ff6c0b\" data-element_type=\"widget\" data-e-type=\"widget\" data-widget_type=\"heading.default\">\n\t\t\t\t<div class=\"elementor-widget-container\">\n\t\t\t\t\t<h2 class=\"elementor-heading-title elementor-size-default\">2. Alquiler<\/h2>\t\t\t\t<\/div>\n\t\t\t\t<\/div>\n\t\t\t\t<div class=\"elementor-element elementor-element-c6de711 elementor-widget elementor-widget-text-editor\" data-id=\"c6de711\" data-element_type=\"widget\" data-e-type=\"widget\" data-widget_type=\"text-editor.default\">\n\t\t\t\t<div class=\"elementor-widget-container\">\n\t\t\t\t\t\t\t\t\t<p><span class=\"VIiyi\" lang=\"es\"><span class=\"JLqJ4b\" data-language-for-alternatives=\"es\" data-language-to-translate-into=\"de\" data-phrase-index=\"0\">a) El objeto del contrato entre el arrendatario y el arrendador es exclusivamente el uso temporal de la motocicleta reservada. b) Todos los precios son sin l\u00edmite de kilometraje, incluido el SEGURO COMPLETO (SB 3000, &#8211; Euro para Harley Davidson). Los costos de combustible no est\u00e1n incluidos. Las motos se entregan con el dep\u00f3sito lleno y deben devolverse exactamente de la misma forma. De lo contrario, lamentablemente tendremos que cobrar una tarifa plana de combustible de 25 euros. El arrendatario es responsable de todos los da\u00f1os sufridos por la motocicleta alquilada como resultado de un uso inadecuado o de la causa de un accidente de tr\u00e1fico autoinfligido. c) Cuando se entrega la Harley, se debe pagar un dep\u00f3sito de 1000 EUR con tarjeta de cr\u00e9dito (Amex \/ Mastercard \/ Visa). d) Si el veh\u00edculo se devuelve antes de que expire el per\u00edodo de alquiler acordado, deber\u00e1 abonarse el precio total del alquiler acordado en el contrato, a menos que la motocicleta pueda alquilarse a otra persona. e) El alquiler diario comienza a las 9:30 a.m. y termina a las 9:00 p.m. Los veh\u00edculos solo se pueden alquilar y devolver entre las 9:30 a.m. y las 9:00 p.m. todos los d\u00edas. f) Se debe realizar un dep\u00f3sito de al menos el 25% o 50% para las reservas y confirmaciones de nuestra parte. La confirmaci\u00f3n solo es v\u00e1lida despu\u00e9s de recibir el dep\u00f3sito.<\/span><\/span><\/p>\n\t\t\t\t\t\t\t\t<\/div>\n\t\t\t\t<\/div>\n\t\t\t\t<div class=\"elementor-element elementor-element-1daa934 elementor-widget elementor-widget-heading\" data-id=\"1daa934\" data-element_type=\"widget\" data-e-type=\"widget\" data-widget_type=\"heading.default\">\n\t\t\t\t<div class=\"elementor-widget-container\">\n\t\t\t\t\t<h2 class=\"elementor-heading-title elementor-size-default\">3. Storno<\/h2>\t\t\t\t<\/div>\n\t\t\t\t<\/div>\n\t\t\t\t<div class=\"elementor-element elementor-element-08c94ab elementor-widget elementor-widget-text-editor\" data-id=\"08c94ab\" data-element_type=\"widget\" data-e-type=\"widget\" data-widget_type=\"text-editor.default\">\n\t\t\t\t<div class=\"elementor-widget-container\">\n\t\t\t\t\t\t\t\t\t<p><span class=\"VIiyi\" lang=\"es\"><span class=\"JLqJ4b ChMk0b\" data-language-for-alternatives=\"es\" data-language-to-translate-into=\"de\" data-phrase-index=\"0\">En caso de cancelaci\u00f3n cobramos las siguientes tarifas: hasta 1 semana antes de la recogida: 50%<\/span><\/span><\/p>\n\t\t\t\t\t\t\t\t<\/div>\n\t\t\t\t<\/div>\n\t\t\t\t<div class=\"elementor-element elementor-element-41e7caf elementor-widget elementor-widget-heading\" data-id=\"41e7caf\" data-element_type=\"widget\" data-e-type=\"widget\" data-widget_type=\"heading.default\">\n\t\t\t\t<div class=\"elementor-widget-container\">\n\t\t\t\t\t<h2 class=\"elementor-heading-title elementor-size-default\">4. Obligaciones del arrendatario<\/h2>\t\t\t\t<\/div>\n\t\t\t\t<\/div>\n\t\t\t\t<div class=\"elementor-element elementor-element-53c1366 elementor-widget elementor-widget-text-editor\" data-id=\"53c1366\" data-element_type=\"widget\" data-e-type=\"widget\" data-widget_type=\"text-editor.default\">\n\t\t\t\t<div class=\"elementor-widget-container\">\n\t\t\t\t\t\t\t\t\t<p><span class=\"VIiyi\" lang=\"es\"><span class=\"JLqJ4b ChMk0b\" data-language-for-alternatives=\"es\" data-language-to-translate-into=\"de\" data-phrase-index=\"0\">El arrendador no acepta compensaci\u00f3n o reembolso en caso de mal tiempo (arreglos individuales posibles) El arrendatario debe tratar la motocicleta de tal manera que observe la normativa t\u00e9cnica y las instrucciones de funcionamiento para garantizar la seguridad vial.<\/span> <span class=\"JLqJ4b ChMk0b\" data-language-for-alternatives=\"es\" data-language-to-translate-into=\"de\" data-phrase-index=\"1\">El inquilino debe observar y cumplir con las disposiciones legales y las leyes de tr\u00e1nsito.<\/span> <span class=\"JLqJ4b ChMk0b\" data-language-for-alternatives=\"es\" data-language-to-translate-into=\"de\" data-phrase-index=\"2\">\u00c9l mismo es responsable de todas las multas y sanciones que se basen en el uso de la motocicleta, que posteriormente tambi\u00e9n son reclamadas por el arrendador.<\/span> <span class=\"JLqJ4b ChMk0b\" data-language-for-alternatives=\"es\" data-language-to-translate-into=\"de\" data-phrase-index=\"3\">Por da\u00f1os al conducir en grupos, si el da\u00f1o ocurre dentro del grupo, por ejemplo, al chocar entre s\u00ed, cada conductor es responsable de su motocicleta alquilada.<\/span><\/span><\/p>\n<p>Dem Mieter ist insbesondere untersagt:<\/p>\n<p><span class=\"VIiyi\" lang=\"en\"><span class=\"JLqJ4b\" data-language-for-alternatives=\"en\" data-language-to-translate-into=\"de\" data-phrase-index=\"0\">a) das Motorrad anderen, dritten Personen, welche nicht im Mietvertrag genannt sind, zu \u00fcberlassen.<\/span><\/span><\/p>\n<p><span class=\"VIiyi\" lang=\"en\"><span class=\"JLqJ4b\" data-language-for-alternatives=\"en\" data-language-to-translate-into=\"de\" data-phrase-index=\"0\">b) das Motorrad Fahrern zu \u00fcberlassen, gegen welche ein Fahrverbot verh\u00e4ngt wurde oder die nicht im Besitz einer g\u00fcltigen Fahrerlaubnis oder fahrunt\u00fcchtig sind. <\/span><\/span><\/p>\n<p><span class=\"VIiyi\" lang=\"en\"><span class=\"JLqJ4b\" data-language-for-alternatives=\"en\" data-language-to-translate-into=\"de\" data-phrase-index=\"0\">c) das Motorrad zu benutzen, wenn gegen ihn selbst ein Fahrverbot verh\u00e4ngt wurde oder er nicht im Besitz einer g\u00fcltigen Fahrerlaubnis ist. <\/span><\/span><\/p>\n<p><span class=\"VIiyi\" lang=\"en\"><span class=\"JLqJ4b\" data-language-for-alternatives=\"en\" data-language-to-translate-into=\"de\" data-phrase-index=\"0\">d) das Motorrad zu benutzen, obwohl eine offensichtliche Fahrunt\u00fcchtigkeit des Fahrzeuges zu erkennen ist. <\/span><\/span><\/p>\n<p><span class=\"VIiyi\" lang=\"en\"><span class=\"JLqJ4b\" data-language-for-alternatives=\"en\" data-language-to-translate-into=\"de\" data-phrase-index=\"0\">e) die Teilnahme an Rennfahrten jeglicher Art. <\/span><\/span><\/p>\n<p><span class=\"VIiyi\" lang=\"en\"><span class=\"JLqJ4b\" data-language-for-alternatives=\"en\" data-language-to-translate-into=\"de\" data-phrase-index=\"0\">f) das Motorrad abseits befestigter Stra\u00dfen oder am Strand zu benutzen. Das Fahrzeug darf ausschlie\u00dflich auf asphaltierten Stra\u00dfen gefahren werden. <\/span><\/span><\/p>\n<p><span class=\"VIiyi\" lang=\"en\"><span class=\"JLqJ4b\" data-language-for-alternatives=\"en\" data-language-to-translate-into=\"de\" data-phrase-index=\"0\">g) den Tacho oder Sonstiges am Fahrzeug zu ver\u00e4ndern oder zu manipulieren. <\/span><\/span><\/p>\n<p><span class=\"VIiyi\" lang=\"en\"><span class=\"JLqJ4b\" data-language-for-alternatives=\"en\" data-language-to-translate-into=\"de\" data-phrase-index=\"0\">h) das Motorrad oder Teile des Motorrads zu verkaufen oder zu ver\u00e4u\u00dfern. <\/span><\/span><\/p>\n<p><span class=\"VIiyi\" lang=\"en\"><span class=\"JLqJ4b\" data-language-for-alternatives=\"en\" data-language-to-translate-into=\"de\" data-phrase-index=\"0\">i) das Mietmotorrad in nicht diebstahlgesichertem Zustand abzustellen, zu parken oder alleine zu lassen. <\/span><\/span><\/p>\n<p><span class=\"VIiyi\" lang=\"en\"><span class=\"JLqJ4b\" data-language-for-alternatives=\"en\" data-language-to-translate-into=\"de\" data-phrase-index=\"0\">j) das Mietfahrzeug au\u00dferhalb von Mallorca zu benutzen.<\/span><\/span><\/p>\n\t\t\t\t\t\t\t\t<\/div>\n\t\t\t\t<\/div>\n\t\t\t\t<div class=\"elementor-element elementor-element-388eef9 elementor-widget elementor-widget-heading\" data-id=\"388eef9\" data-element_type=\"widget\" data-e-type=\"widget\" data-widget_type=\"heading.default\">\n\t\t\t\t<div class=\"elementor-widget-container\">\n\t\t\t\t\t<h2 class=\"elementor-heading-title elementor-size-default\">5. Deberes y responsabilidad del arrendador <\/h2>\t\t\t\t<\/div>\n\t\t\t\t<\/div>\n\t\t\t\t<div class=\"elementor-element elementor-element-a919b8a elementor-widget elementor-widget-text-editor\" data-id=\"a919b8a\" data-element_type=\"widget\" data-e-type=\"widget\" data-widget_type=\"text-editor.default\">\n\t\t\t\t<div class=\"elementor-widget-container\">\n\t\t\t\t\t\t\t\t\t<div class=\"J0lOec\"><span class=\"VIiyi\" lang=\"es\"><span class=\"JLqJ4b\" data-language-for-alternatives=\"es\" data-language-to-translate-into=\"de\" data-phrase-index=\"0\">El arrendador entrega la motocicleta en perfectas condiciones, limpia, segura y en condiciones de circular. Adem\u00e1s, el inquilino recibe copias de los documentos del veh\u00edculo. El arrendador solo reconoce los da\u00f1os anteriores si se registran por escrito en el contrato de alquiler al momento de la entrega. Si es necesaria una reparaci\u00f3n durante el per\u00edodo de alquiler por causas ajenas al inquilino, se debe informar al propietario de inmediato. En caso de emergencia, el arrendatario puede encargar un taller de reparaci\u00f3n autorizado del fabricante del veh\u00edculo hasta un importe de reparaci\u00f3n de 150 euros. Los costos de reparaci\u00f3n deben presentarse al propietario con el recibo original. Si los costes de reparaci\u00f3n estimados superan los 150 euros, se debe informar al arrendador con antelaci\u00f3n. El arrendatario deber\u00e1 pagar los da\u00f1os de los neum\u00e1ticos. Se excluyen otras reclamaciones, independientemente de la base legal, a menos que el da\u00f1o sufrido por el inquilino se deba a dolo o negligencia grave por parte del propietario. Por lo general, el arrendatario debe pagar los da\u00f1os de las llantas. Se excluyen otras reclamaciones, independientemente de la base legal, a menos que el da\u00f1o sufrido por el inquilino se deba a dolo o negligencia grave por parte del propietario.<\/span><\/span><\/div>\n\t\t\t\t\t\t\t\t<\/div>\n\t\t\t\t<\/div>\n\t\t\t\t<div class=\"elementor-element elementor-element-e0f6c4c elementor-widget elementor-widget-heading\" data-id=\"e0f6c4c\" data-element_type=\"widget\" data-e-type=\"widget\" data-widget_type=\"heading.default\">\n\t\t\t\t<div class=\"elementor-widget-container\">\n\t\t\t\t\t<h2 class=\"elementor-heading-title elementor-size-default\">6. Responsabilidad del arrendatario por da\u00f1os <\/h2>\t\t\t\t<\/div>\n\t\t\t\t<\/div>\n\t\t\t\t<div class=\"elementor-element elementor-element-9f4c933 elementor-widget elementor-widget-text-editor\" data-id=\"9f4c933\" data-element_type=\"widget\" data-e-type=\"widget\" data-widget_type=\"text-editor.default\">\n\t\t\t\t<div class=\"elementor-widget-container\">\n\t\t\t\t\t\t\t\t\t<p><span class=\"VIiyi\" lang=\"es\"><span class=\"JLqJ4b ChMk0b\" data-language-for-alternatives=\"es\" data-language-to-translate-into=\"de\" data-phrase-index=\"0\">El arrendatario es responsable ante el arrendador por negligencia leve, p\u00e9rdida o confiscaci\u00f3n de la motocicleta y por todos los da\u00f1os (como accidentes o da\u00f1os operativos, da\u00f1os como resultado de un manejo inadecuado y da\u00f1os por deterioro) desde el momento en que la motocicleta se devuelve al arrendador. desgaste normal de la motocicleta durante el per\u00edodo de alquiler.<\/span> <span class=\"JLqJ4b ChMk0b\" data-language-for-alternatives=\"es\" data-language-to-translate-into=\"de\" data-phrase-index=\"1\">desgaste normal de la motocicleta durante el per\u00edodo de alquiler.<\/span><\/span><\/p>\n\t\t\t\t\t\t\t\t<\/div>\n\t\t\t\t<\/div>\n\t\t\t\t<div class=\"elementor-element elementor-element-9a5039c elementor-widget elementor-widget-heading\" data-id=\"9a5039c\" data-element_type=\"widget\" data-e-type=\"widget\" data-widget_type=\"heading.default\">\n\t\t\t\t<div class=\"elementor-widget-container\">\n\t\t\t\t\t<h2 class=\"elementor-heading-title elementor-size-default\">7. Qu\u00e9 hacer en caso de accidentes y otros da\u00f1os<\/h2>\t\t\t\t<\/div>\n\t\t\t\t<\/div>\n\t\t\t\t<div class=\"elementor-element elementor-element-96e165b elementor-widget elementor-widget-text-editor\" data-id=\"96e165b\" data-element_type=\"widget\" data-e-type=\"widget\" data-widget_type=\"text-editor.default\">\n\t\t\t\t<div class=\"elementor-widget-container\">\n\t\t\t\t\t\t\t\t\t<p>En caso de cualquier da\u00f1o, incluidos los da\u00f1os o accidentes sin la participaci\u00f3n de terceros, el inquilino est\u00e1 obligado a notificar al propietario inmediatamente por tel\u00e9fono. Los servicios de remolque y \/ o reparaci\u00f3n solo deben contratarse despu\u00e9s de consultar con el propietario. Se debe llamar a la polic\u00eda de inmediato en caso de accidente. Se deben asegurar las pruebas (testigos, rastros, etc.), se deben establecer los datos de los involucrados y se debe hacer todo lo que pueda contribuir al esclarecimiento adecuado y completo del curso del accidente. El inquilino se compromete a no admitir su culpabilidad y a no realizar otras acciones (pagos, comparaciones) que puedan poner en peligro la cobertura del seguro.<\/p>\n\t\t\t\t\t\t\t\t<\/div>\n\t\t\t\t<\/div>\n\t\t\t\t<div class=\"elementor-element elementor-element-689fbc5 elementor-widget elementor-widget-heading\" data-id=\"689fbc5\" data-element_type=\"widget\" data-e-type=\"widget\" data-widget_type=\"heading.default\">\n\t\t\t\t<div class=\"elementor-widget-container\">\n\t\t\t\t\t<h2 class=\"elementor-heading-title elementor-size-default\">8. Cobertura de seguro<\/h2>\t\t\t\t<\/div>\n\t\t\t\t<\/div>\n\t\t\t\t<div class=\"elementor-element elementor-element-881daa5 elementor-widget elementor-widget-text-editor\" data-id=\"881daa5\" data-element_type=\"widget\" data-e-type=\"widget\" data-widget_type=\"text-editor.default\">\n\t\t\t\t<div class=\"elementor-widget-container\">\n\t\t\t\t\t\t\t\t\t<p>a) La motocicleta tiene un seguro de responsabilidad civil general contra da\u00f1os personales, materiales y p\u00e9rdidas econ\u00f3micas. La suma asegurada es de 50 millones de euros por da\u00f1os a terceros, limit\u00e1ndose las prestaciones por da\u00f1os personales a 8 millones de euros por lesionado.<\/p>\n<p>b) Las motos de alquiler del arrendador est\u00e1n aseguradas contra da\u00f1os, robo e incendio. Al hacerse cargo de la motocicleta, el arrendatario deber\u00e1 abonar una fianza de 1.000 euros en efectivo o mediante tarjeta de cr\u00e9dito. Este ser\u00e1 devuelto en su totalidad tan pronto como la motocicleta se devuelva sin da\u00f1os a la empresa de alquiler. Este ser\u00e1 devuelto en su totalidad tan pronto como la motocicleta se devuelva sin da\u00f1os a la empresa de alquiler.<\/p>\n\t\t\t\t\t\t\t\t<\/div>\n\t\t\t\t<\/div>\n\t\t\t\t<div class=\"elementor-element elementor-element-061202c elementor-widget elementor-widget-heading\" data-id=\"061202c\" data-element_type=\"widget\" data-e-type=\"widget\" data-widget_type=\"heading.default\">\n\t\t\t\t<div class=\"elementor-widget-container\">\n\t\t\t\t\t<h2 class=\"elementor-heading-title elementor-size-default\">9. Devoluci\u00f3n de la motocicleta<\/h2>\t\t\t\t<\/div>\n\t\t\t\t<\/div>\n\t\t\t\t<div class=\"elementor-element elementor-element-516e660 elementor-widget elementor-widget-text-editor\" data-id=\"516e660\" data-element_type=\"widget\" data-e-type=\"widget\" data-widget_type=\"text-editor.default\">\n\t\t\t\t<div class=\"elementor-widget-container\">\n\t\t\t\t\t\t\t\t\t<p>La motocicleta se entrega con el dep\u00f3sito lleno, en perfecto estado y sin defectos visibles desde el exterior. Al final del per\u00edodo de alquiler, el arrendatario debe devolver la motocicleta al lugar, fecha y hora de devoluci\u00f3n acordados con todos los documentos del veh\u00edculo, llaves del veh\u00edculo y accesorios en las mismas condiciones. Si se pierden las llaves del veh\u00edculo, el arrendatario debe sustituirlas por 150 euros cada una. El inquilino debe pagar los gastos de limpieza en caso de suciedad grave.<\/p>\n\t\t\t\t\t\t\t\t<\/div>\n\t\t\t\t<\/div>\n\t\t\t\t<div class=\"elementor-element elementor-element-bfc4205 elementor-widget elementor-widget-heading\" data-id=\"bfc4205\" data-element_type=\"widget\" data-e-type=\"widget\" data-widget_type=\"heading.default\">\n\t\t\t\t<div class=\"elementor-widget-container\">\n\t\t\t\t\t<h2 class=\"elementor-heading-title elementor-size-default\">10. Disposiciones finales<\/h2>\t\t\t\t<\/div>\n\t\t\t\t<\/div>\n\t\t\t\t<div class=\"elementor-element elementor-element-e2f199b elementor-widget elementor-widget-text-editor\" data-id=\"e2f199b\" data-element_type=\"widget\" data-e-type=\"widget\" data-widget_type=\"text-editor.default\">\n\t\t\t\t<div class=\"elementor-widget-container\">\n\t\t\t\t\t\t\t\t\t<p>No hay acuerdos auxiliares o adiciones a este contrato de alquiler. Todos los acuerdos contractuales solo deben hacerse por escrito. Esto tambi\u00e9n se aplica a la cancelaci\u00f3n de esta cl\u00e1usula.<\/p>\n\t\t\t\t\t\t\t\t<\/div>\n\t\t\t\t<\/div>\n\t\t\t\t\t<\/div>\n\t\t<\/div>\n\t\t\t\t\t<\/div>\n\t\t<\/section>\n\t\t\t\t<\/div>\n\t\t","protected":false},"excerpt":{"rendered":"<p>T\u00e9rminos de servicio 1. Condiciones de alquiler de Harley Rentals by ALL IN ONE MALLORCA La edad m\u00ednima para alquilar una Harley es de 25 a\u00f1os y el conductor debe tener su carnet de moto de al menos 2 a\u00f1os. 2. Alquiler a) El objeto del contrato entre el arrendatario y el arrendador es exclusivamente [&hellip;]<\/p>\n","protected":false},"author":1,"featured_media":0,"parent":0,"menu_order":13,"comment_status":"closed","ping_status":"closed","template":"","meta":{"_acf_changed":false,"footnotes":""},"class_list":["post-2068","page","type-page","status-publish","hentry"],"acf":[],"_links":{"self":[{"href":"https:\/\/www.all-in-one-mallorca.com\/es\/wp-json\/wp\/v2\/pages\/2068","targetHints":{"allow":["GET"]}}],"collection":[{"href":"https:\/\/www.all-in-one-mallorca.com\/es\/wp-json\/wp\/v2\/pages"}],"about":[{"href":"https:\/\/www.all-in-one-mallorca.com\/es\/wp-json\/wp\/v2\/types\/page"}],"author":[{"embeddable":true,"href":"https:\/\/www.all-in-one-mallorca.com\/es\/wp-json\/wp\/v2\/users\/1"}],"replies":[{"embeddable":true,"href":"https:\/\/www.all-in-one-mallorca.com\/es\/wp-json\/wp\/v2\/comments?post=2068"}],"version-history":[{"count":0,"href":"https:\/\/www.all-in-one-mallorca.com\/es\/wp-json\/wp\/v2\/pages\/2068\/revisions"}],"wp:attachment":[{"href":"https:\/\/www.all-in-one-mallorca.com\/es\/wp-json\/wp\/v2\/media?parent=2068"}],"curies":[{"name":"wp","href":"https:\/\/api.w.org\/{rel}","templated":true}]}}