{"id":1339,"date":"2021-05-31T13:23:12","date_gmt":"2021-05-31T12:23:12","guid":{"rendered":"https:\/\/www.all-in-one-mallorca.com\/agb\/"},"modified":"2024-01-03T09:02:05","modified_gmt":"2024-01-03T09:02:05","slug":"agb","status":"publish","type":"page","link":"https:\/\/www.all-in-one-mallorca.com\/de\/agb\/","title":{"rendered":"AGB"},"content":{"rendered":"\t\t<div data-elementor-type=\"wp-page\" data-elementor-id=\"1339\" class=\"elementor elementor-1339 elementor-49\" data-elementor-post-type=\"page\">\n\t\t\t\t\t\t<section class=\"elementor-section elementor-top-section elementor-element elementor-element-60b0691 elementor-section-boxed elementor-section-height-default elementor-section-height-default\" data-id=\"60b0691\" data-element_type=\"section\" data-e-type=\"section\" data-settings=\"{&quot;background_background&quot;:&quot;classic&quot;}\">\n\t\t\t\t\t\t\t<div class=\"elementor-background-overlay\"><\/div>\n\t\t\t\t\t\t\t<div class=\"elementor-container elementor-column-gap-default\">\n\t\t\t\t\t<div class=\"elementor-column elementor-col-100 elementor-top-column elementor-element elementor-element-ca7a328\" data-id=\"ca7a328\" data-element_type=\"column\" data-e-type=\"column\">\n\t\t\t<div class=\"elementor-widget-wrap elementor-element-populated\">\n\t\t\t\t\t\t<div class=\"elementor-element elementor-element-a576273 elementor-widget elementor-widget-heading\" data-id=\"a576273\" data-element_type=\"widget\" data-e-type=\"widget\" data-widget_type=\"heading.default\">\n\t\t\t\t<div class=\"elementor-widget-container\">\n\t\t\t\t\t<h1 class=\"elementor-heading-title elementor-size-default\">Allgemeine Gesch\u00e4ftsbedingungen<\/h1>\t\t\t\t<\/div>\n\t\t\t\t<\/div>\n\t\t\t\t<div class=\"elementor-element elementor-element-bef5aba elementor-widget elementor-widget-heading\" data-id=\"bef5aba\" data-element_type=\"widget\" data-e-type=\"widget\" data-widget_type=\"heading.default\">\n\t\t\t\t<div class=\"elementor-widget-container\">\n\t\t\t\t\t<h2 class=\"elementor-heading-title elementor-size-default\">1. Mietkonditionen von Harley Rentals by ALL IN ONE MALLORCA<\/h2>\t\t\t\t<\/div>\n\t\t\t\t<\/div>\n\t\t\t\t<div class=\"elementor-element elementor-element-a943cf9 elementor-widget elementor-widget-text-editor\" data-id=\"a943cf9\" data-element_type=\"widget\" data-e-type=\"widget\" data-widget_type=\"text-editor.default\">\n\t\t\t\t<div class=\"elementor-widget-container\">\n\t\t\t\t\t\t\t\t\t<p><span class=\"VIiyi\" lang=\"en\"><span class=\"JLqJ4b ChMk0b\" data-language-for-alternatives=\"en\" data-language-to-translate-into=\"de\" data-phrase-index=\"0\">Das Mindestalter f\u00fcr die Anmietung einer Harley betr\u00e4gt 25 Jahre und der Fahrer muss seit mindestens seit 2 Jahren im Besitz seines Motorrad-F\u00fchrerscheins sein.<\/span><\/span><\/p>\n\t\t\t\t\t\t\t\t<\/div>\n\t\t\t\t<\/div>\n\t\t\t\t<div class=\"elementor-element elementor-element-9ff6c0b elementor-widget elementor-widget-heading\" data-id=\"9ff6c0b\" data-element_type=\"widget\" data-e-type=\"widget\" data-widget_type=\"heading.default\">\n\t\t\t\t<div class=\"elementor-widget-container\">\n\t\t\t\t\t<h2 class=\"elementor-heading-title elementor-size-default\">2. Miete<\/h2>\t\t\t\t<\/div>\n\t\t\t\t<\/div>\n\t\t\t\t<div class=\"elementor-element elementor-element-c6de711 elementor-widget elementor-widget-text-editor\" data-id=\"c6de711\" data-element_type=\"widget\" data-e-type=\"widget\" data-widget_type=\"text-editor.default\">\n\t\t\t\t<div class=\"elementor-widget-container\">\n\t\t\t\t\t\t\t\t\t<p><span class=\"VIiyi\" lang=\"en\"><span class=\"JLqJ4b\" data-language-for-alternatives=\"en\" data-language-to-translate-into=\"de\" data-phrase-index=\"0\">a) Gegenstand des Vertrages zwischen Mieter und Vermieter ist ausschlie\u00dflich die zeitweise \u00dcberlassung des gebuchten Motorrads. <\/span><\/span><\/p>\n<p><span class=\"VIiyi\" lang=\"en\"><span class=\"JLqJ4b\" data-language-for-alternatives=\"en\" data-language-to-translate-into=\"de\" data-phrase-index=\"0\">b) Alle Preise verstehen sich ohne Kilometerbegrenzung, einschlie\u00dflich VOLLKASKO (SB 3000,- Euro f\u00fcr Harley Davidson) . Die Kraftstoffkosten sind nicht mit eingeschlossen. Die Motorr\u00e4der werden voll betankt \u00fcbergeben und m\u00fcssen genauso wieder zur\u00fcckgebracht werden. Ansonsten m\u00fcssen wir leider eine Tankpauschale von 25,- Euro berechnen. Der Mieter haftet f\u00fcr alle Sch\u00e4den an dem gemieteten Motorrad, die aus einer unsachgem\u00e4\u00dfen Nutzung oder der Verursachung eines selbstverschuldeten Verkehrsunfalls hervorgehen. <\/span><\/span><\/p>\n<p><span class=\"VIiyi\" lang=\"en\"><span class=\"JLqJ4b\" data-language-for-alternatives=\"en\" data-language-to-translate-into=\"de\" data-phrase-index=\"0\">c) Bei \u00dcbergabe der Harley ist eine Kaution von 1000,- Euro per Kreditkarte (Amex \/ Mastercard \/ Visa) zu hinterlegen. <\/span><\/span><\/p>\n<p><span class=\"VIiyi\" lang=\"en\"><span class=\"JLqJ4b\" data-language-for-alternatives=\"en\" data-language-to-translate-into=\"de\" data-phrase-index=\"0\">d) Bei Fahrzeugr\u00fcckgabe vor Ablauf der vereinbarten Mietzeit ist der volle vertraglich vereinbarte Mietpreis zu bezahlen, es sei denn, das Motorrad kann anderweitig vermietet werden. <\/span><\/span><\/p>\n<p><span class=\"VIiyi\" lang=\"en\"><span class=\"JLqJ4b\" data-language-for-alternatives=\"en\" data-language-to-translate-into=\"de\" data-phrase-index=\"0\">e) Die Tagesmiete beginnt ab 09:30 Uhr morgens und endet um 21:00 Uhr abends. Die Fahrzeuge k\u00f6nnen t\u00e4glich nur zwischen 09:30 Uhr und 21:00 Uhr angemietet und abgegeben werden.<\/span><\/span><\/p>\n<p><span class=\"VIiyi\" lang=\"en\"><span class=\"JLqJ4b\" data-language-for-alternatives=\"en\" data-language-to-translate-into=\"de\" data-phrase-index=\"0\"> f) Bei Reservierung und Best\u00e4tigung unsererseits ist eine Anzahlung von mindestens\u00a0 50% zu leisten. Die Best\u00e4tigung bekommt erst G\u00fcltigkeit nach Eingang der Anzahlung\u2028.<\/span><\/span><\/p>\n\t\t\t\t\t\t\t\t<\/div>\n\t\t\t\t<\/div>\n\t\t\t\t<div class=\"elementor-element elementor-element-1daa934 elementor-widget elementor-widget-heading\" data-id=\"1daa934\" data-element_type=\"widget\" data-e-type=\"widget\" data-widget_type=\"heading.default\">\n\t\t\t\t<div class=\"elementor-widget-container\">\n\t\t\t\t\t<h2 class=\"elementor-heading-title elementor-size-default\">3. Storno<\/h2>\t\t\t\t<\/div>\n\t\t\t\t<\/div>\n\t\t\t\t<div class=\"elementor-element elementor-element-08c94ab elementor-widget elementor-widget-text-editor\" data-id=\"08c94ab\" data-element_type=\"widget\" data-e-type=\"widget\" data-widget_type=\"text-editor.default\">\n\t\t\t\t<div class=\"elementor-widget-container\">\n\t\t\t\t\t\t\t\t\t<p><span class=\"VIiyi\" lang=\"en\"><span class=\"JLqJ4b ChMk0b\" data-language-for-alternatives=\"en\" data-language-to-translate-into=\"de\" data-phrase-index=\"0\">Bei Storno berechnen wir folgende Geb\u00fchren: bis 1 Woche vor Abholung: 50% <\/span><\/span><\/p>\n\t\t\t\t\t\t\t\t<\/div>\n\t\t\t\t<\/div>\n\t\t\t\t<div class=\"elementor-element elementor-element-41e7caf elementor-widget elementor-widget-heading\" data-id=\"41e7caf\" data-element_type=\"widget\" data-e-type=\"widget\" data-widget_type=\"heading.default\">\n\t\t\t\t<div class=\"elementor-widget-container\">\n\t\t\t\t\t<h2 class=\"elementor-heading-title elementor-size-default\">4. Pflichten des Mieters<\/h2>\t\t\t\t<\/div>\n\t\t\t\t<\/div>\n\t\t\t\t<div class=\"elementor-element elementor-element-53c1366 elementor-widget elementor-widget-text-editor\" data-id=\"53c1366\" data-element_type=\"widget\" data-e-type=\"widget\" data-widget_type=\"text-editor.default\">\n\t\t\t\t<div class=\"elementor-widget-container\">\n\t\t\t\t\t\t\t\t\t<p><span class=\"VIiyi\" lang=\"en\"><span class=\"JLqJ4b\" data-language-for-alternatives=\"en\" data-language-to-translate-into=\"de\" data-phrase-index=\"0\">Der Vermieter \u00fcbernimmt keine Entsch\u00e4digungen oder R\u00fcckzahlungen bei schlechtem Wetter (Einzelabsprachen m\u00f6glich).Der Mieter hat das Motorrad so zu behandeln, dass er die technischen Vorschriften und Betriebsanleitungen beachtet, um die Verkehrssicherheit zu gew\u00e4hrleisten. Der Mieter hat die gesetzlichen Bestimmungen sowie die Stra\u00dfenverkehrsgesetze zu beachten und einzuhalten. Er haftet selbst f\u00fcr alle Bu\u00dfgelder und Strafen, die auf seiner Benutzung des Motorrades beruhen, diese werden auch nachtr\u00e4glich noch vom Vermieter eingefordert. F\u00fcr Sch\u00e4den bei Fahrten in Gruppen, wenn innerhalb der Gruppe Sch\u00e4den entstehen, z.B. durch aufeinander Auffahren, haftet jeder Fahrer selbst f\u00fcr sein gemietetes Motorrad. <\/p>\n<p>Dem Mieter ist insbesondere untersagt: <\/span><\/span><\/p>\n<p>\u00a0<\/p>\n<p><span class=\"VIiyi\" lang=\"en\"><span class=\"JLqJ4b\" data-language-for-alternatives=\"en\" data-language-to-translate-into=\"de\" data-phrase-index=\"0\">a) das Motorrad anderen, dritten Personen, welche nicht im Mietvertrag genannt sind, zu \u00fcberlassen.<\/span><\/span><\/p>\n<p>\u00a0<\/p>\n<p><span class=\"VIiyi\" lang=\"en\"><span class=\"JLqJ4b\" data-language-for-alternatives=\"en\" data-language-to-translate-into=\"de\" data-phrase-index=\"0\">b) das Motorrad Fahrern zu \u00fcberlassen, gegen welche ein Fahrverbot verh\u00e4ngt wurde oder die nicht im Besitz einer g\u00fcltigen Fahrerlaubnis oder fahrunt\u00fcchtig sind. <\/span><\/span><\/p>\n<p>\u00a0<\/p>\n<p><span class=\"VIiyi\" lang=\"en\"><span class=\"JLqJ4b\" data-language-for-alternatives=\"en\" data-language-to-translate-into=\"de\" data-phrase-index=\"0\">c) das Motorrad zu benutzen, wenn gegen ihn selbst ein Fahrverbot verh\u00e4ngt wurde oder er nicht im Besitz einer g\u00fcltigen Fahrerlaubnis ist. <\/span><\/span><\/p>\n<p>\u00a0<\/p>\n<p><span class=\"VIiyi\" lang=\"en\"><span class=\"JLqJ4b\" data-language-for-alternatives=\"en\" data-language-to-translate-into=\"de\" data-phrase-index=\"0\">d) das Motorrad zu benutzen, obwohl eine offensichtliche Fahrunt\u00fcchtigkeit des Fahrzeuges zu erkennen ist. <\/span><\/span><\/p>\n<p>\u00a0<\/p>\n<p><span class=\"VIiyi\" lang=\"en\"><span class=\"JLqJ4b\" data-language-for-alternatives=\"en\" data-language-to-translate-into=\"de\" data-phrase-index=\"0\">e) die Teilnahme an Rennfahrten jeglicher Art. <\/span><\/span><\/p>\n<p>\u00a0<\/p>\n<p><span class=\"VIiyi\" lang=\"en\"><span class=\"JLqJ4b\" data-language-for-alternatives=\"en\" data-language-to-translate-into=\"de\" data-phrase-index=\"0\">f) das Motorrad abseits befestigter Stra\u00dfen oder am Strand zu benutzen. Das Fahrzeug darf ausschlie\u00dflich auf asphaltierten Stra\u00dfen gefahren werden. <\/span><\/span><\/p>\n<p>\u00a0<\/p>\n<p><span class=\"VIiyi\" lang=\"en\"><span class=\"JLqJ4b\" data-language-for-alternatives=\"en\" data-language-to-translate-into=\"de\" data-phrase-index=\"0\">g) den Tacho oder Sonstiges am Fahrzeug zu ver\u00e4ndern oder zu manipulieren. <\/span><\/span><\/p>\n<p>\u00a0<\/p>\n<p><span class=\"VIiyi\" lang=\"en\"><span class=\"JLqJ4b\" data-language-for-alternatives=\"en\" data-language-to-translate-into=\"de\" data-phrase-index=\"0\">h) das Motorrad oder Teile des Motorrads zu verkaufen oder zu ver\u00e4u\u00dfern. <\/span><\/span><\/p>\n<p>\u00a0<\/p>\n<p><span class=\"VIiyi\" lang=\"en\"><span class=\"JLqJ4b\" data-language-for-alternatives=\"en\" data-language-to-translate-into=\"de\" data-phrase-index=\"0\">i) das Mietmotorrad in nicht diebstahlgesichertem Zustand abzustellen, zu parken oder alleine zu lassen. <\/span><\/span><\/p>\n<p>\u00a0<\/p>\n<p><span class=\"VIiyi\" lang=\"en\"><span class=\"JLqJ4b\" data-language-for-alternatives=\"en\" data-language-to-translate-into=\"de\" data-phrase-index=\"0\">j) das Mietfahrzeug au\u00dferhalb von Mallorca zu benutzen.<\/span><\/span><\/p>\n\t\t\t\t\t\t\t\t<\/div>\n\t\t\t\t<\/div>\n\t\t\t\t<div class=\"elementor-element elementor-element-388eef9 elementor-widget elementor-widget-heading\" data-id=\"388eef9\" data-element_type=\"widget\" data-e-type=\"widget\" data-widget_type=\"heading.default\">\n\t\t\t\t<div class=\"elementor-widget-container\">\n\t\t\t\t\t<h2 class=\"elementor-heading-title elementor-size-default\">5. Pflichten und Haftung des Vermieters<\/h2>\t\t\t\t<\/div>\n\t\t\t\t<\/div>\n\t\t\t\t<div class=\"elementor-element elementor-element-a919b8a elementor-widget elementor-widget-text-editor\" data-id=\"a919b8a\" data-element_type=\"widget\" data-e-type=\"widget\" data-widget_type=\"text-editor.default\">\n\t\t\t\t<div class=\"elementor-widget-container\">\n\t\t\t\t\t\t\t\t\t<div class=\"J0lOec\"><span class=\"VIiyi\" lang=\"en\"><span class=\"JLqJ4b ChMk0b\" data-language-for-alternatives=\"en\" data-language-to-translate-into=\"de\" data-phrase-index=\"0\">Der Vermieter \u00fcbergibt das Motorrad in einwandfreiem, gereinigtem, betriebssicherem und verkehrssicherem Zustand. Au\u00dferdem erh\u00e4lt der Mieter Kopien der Kfz-Papiere. Vorsch\u00e4den erkennt der Vermieter nur an, wenn diese bei \u00dcbergabe im Mietvertrag schriftlich festgehalten werden. Wird w\u00e4hrend der Mietzeit ohne Verschulden des Mieters eine Reparatur notwendig, muss der Vermieter sofort informiert werden. Im Notfall kann der Mieter eine Vertragswerkstatt des Fahrzeugherstellers bis zu einem Reparaturbetrag von 150,- Euro beauftragen. Die Reparaturkosten sind dem Vermieter mit Originalbeleg vorzuweisen. \u00dcbersteigen die voraussichtlichen Reparaturkosten 150,- Euro, ist der Vermieter vorher zu informieren. Reifensch\u00e4den sind grunds\u00e4tzlich vom Mieter zu bezahlen. Weitere Anspr\u00fcche, gleich welcher Rechtsgrundlage, sind ausgeschlossen, es sei denn, der Schaden des Mieters beruht auf Vorsatz oder grober Fahrl\u00e4ssigkeit des Vermieters.<\/span> <span class=\"JLqJ4b ChMk0b\" data-language-for-alternatives=\"en\" data-language-to-translate-into=\"de\" data-phrase-index=\"7\">Tire damage is generally to be paid for by the renter.<\/span> <span class=\"JLqJ4b ChMk0b\" data-language-for-alternatives=\"en\" data-language-to-translate-into=\"de\" data-phrase-index=\"8\">Further claims, irrespective of the legal basis, are excluded, unless the damage suffered by the tenant is due to willful intent or gross negligence on the part of the landlord.<\/span><\/span><\/div>\n\t\t\t\t\t\t\t\t<\/div>\n\t\t\t\t<\/div>\n\t\t\t\t<div class=\"elementor-element elementor-element-e0f6c4c elementor-widget elementor-widget-heading\" data-id=\"e0f6c4c\" data-element_type=\"widget\" data-e-type=\"widget\" data-widget_type=\"heading.default\">\n\t\t\t\t<div class=\"elementor-widget-container\">\n\t\t\t\t\t<h2 class=\"elementor-heading-title elementor-size-default\">6. Haftung des Mieters f\u00fcr Sch\u00e4den<\/h2>\t\t\t\t<\/div>\n\t\t\t\t<\/div>\n\t\t\t\t<div class=\"elementor-element elementor-element-9f4c933 elementor-widget elementor-widget-text-editor\" data-id=\"9f4c933\" data-element_type=\"widget\" data-e-type=\"widget\" data-widget_type=\"text-editor.default\">\n\t\t\t\t<div class=\"elementor-widget-container\">\n\t\t\t\t\t\t\t\t\t<p><span class=\"VIiyi\" lang=\"en\"><span class=\"JLqJ4b ChMk0b\" data-language-for-alternatives=\"en\" data-language-to-translate-into=\"de\" data-phrase-index=\"0\">Der Mieter haftet vom Zeitpunkt der \u00dcbernahme bis zum Zeitpunkt der R\u00fcckgabe des Motorrades dem Vermieter gegen\u00fcber auch f\u00fcr leichte Fahrl\u00e4ssigkeit, Abhandenkommen oder Beschlagnahmung des Motorrades und f\u00fcr s\u00e4mtliche Sch\u00e4den (wie z.B. Unfall oder Betriebssch\u00e4den, Sch\u00e4den in Folge unsachgem\u00e4\u00dfer Behandlung und Wertminderungssch\u00e4den), die \u00fcber die normale Abnutzung hinaus am Motorrad w\u00e4hrend der Mietzeit entstehen.<\/span> <span class=\"JLqJ4b ChMk0b\" data-language-for-alternatives=\"en\" data-language-to-translate-into=\"de\" data-phrase-index=\"1\">normal wear and tear on the motorcycle during the rental period.<\/span><\/span><\/p>\n\t\t\t\t\t\t\t\t<\/div>\n\t\t\t\t<\/div>\n\t\t\t\t<div class=\"elementor-element elementor-element-9a5039c elementor-widget elementor-widget-heading\" data-id=\"9a5039c\" data-element_type=\"widget\" data-e-type=\"widget\" data-widget_type=\"heading.default\">\n\t\t\t\t<div class=\"elementor-widget-container\">\n\t\t\t\t\t<h2 class=\"elementor-heading-title elementor-size-default\">7. Verhalten bei Unf\u00e4llen und sonstigen Sch\u00e4den<\/h2>\t\t\t\t<\/div>\n\t\t\t\t<\/div>\n\t\t\t\t<div class=\"elementor-element elementor-element-96e165b elementor-widget elementor-widget-text-editor\" data-id=\"96e165b\" data-element_type=\"widget\" data-e-type=\"widget\" data-widget_type=\"text-editor.default\">\n\t\t\t\t<div class=\"elementor-widget-container\">\n\t\t\t\t\t\t\t\t\t<p><span class=\"VIiyi\" lang=\"en\"><span class=\"JLqJ4b ChMk0b\" data-language-for-alternatives=\"en\" data-language-to-translate-into=\"de\" data-phrase-index=\"0\">Bei jedem Schadenseintritt, auch bei Sch\u00e4den oder Unf\u00e4llen ohne Beteiligung Dritter, ist der Mieter verpflichtet, den Vermieter unverz\u00fcglich telefonisch zu verst\u00e4ndigen. Abschlepp- und\/oder Reparaturdienste sind nur nach Abstimmung mit dem Vermieter zu beauftragen. Bei jedem Unfall ist sofort die Polizei hinzuzuziehen. Beweismittel (Zeugen, Spuren etc.) sind zu sichern, die Daten der Beteiligten festzustellen sowie alles zu tun, was zur ordnungsgem\u00e4\u00dfen und vollst\u00e4ndigen Aufkl\u00e4rung des Unfallhergangs beitragen kann. Der Mieter verpflichtet sich, kein Schuldanerkenntnis abzugeben und auch keine sonstigen Handlungen (Zahlungen, Vergleiche) vorzunehmen, die den Versicherungsschutz gef\u00e4hrden k\u00f6nnten.<\/span><\/span><\/p>\n\t\t\t\t\t\t\t\t<\/div>\n\t\t\t\t<\/div>\n\t\t\t\t<div class=\"elementor-element elementor-element-689fbc5 elementor-widget elementor-widget-heading\" data-id=\"689fbc5\" data-element_type=\"widget\" data-e-type=\"widget\" data-widget_type=\"heading.default\">\n\t\t\t\t<div class=\"elementor-widget-container\">\n\t\t\t\t\t<h2 class=\"elementor-heading-title elementor-size-default\">8. Versicherungsschutz<\/h2>\t\t\t\t<\/div>\n\t\t\t\t<\/div>\n\t\t\t\t<div class=\"elementor-element elementor-element-881daa5 elementor-widget elementor-widget-text-editor\" data-id=\"881daa5\" data-element_type=\"widget\" data-e-type=\"widget\" data-widget_type=\"text-editor.default\">\n\t\t\t\t<div class=\"elementor-widget-container\">\n\t\t\t\t\t\t\t\t\t<p><span class=\"VIiyi\" lang=\"en\"><span class=\"JLqJ4b ChMk0b\" data-language-for-alternatives=\"en\" data-language-to-translate-into=\"de\" data-phrase-index=\"0\">a) a) Das Motorrad hat einen pauschalen Haftpflichtversicherungsschutz gegen Personen-, Sach- und Verm\u00f6genssch\u00e4den. Die Versicherungssumme betr\u00e4gt 50 Mio. Euro f\u00fcr Drittsch\u00e4den, wobei die Leistung bei Personensch\u00e4den auf 8 Millionen Euro je gesch\u00e4digte Person begrenzt ist.<\/span> <\/span><\/p>\n<p>\u00a0<\/p>\n<p><span class=\"VIiyi\" lang=\"en\"><span class=\"JLqJ4b ChMk0b\" data-language-for-alternatives=\"en\" data-language-to-translate-into=\"de\" data-phrase-index=\"3\">b) Die Mietmotorr\u00e4der des Vermieters sind gegen Sch\u00e4den, Diebstahl und Feuer versichert. Vom Mieter ist bei \u00dcbernahme des Motorrades in bar oder per Kreditkarte eine Kaution in H\u00f6he von 1.000,- Euro zu hinterlegen. Diese wird vollst\u00e4ndig zur\u00fcckgegeben, sobald das Motorrad unbesch\u00e4digt an den Vermieter zur\u00fcckgegeben wird.<\/span> <span class=\"JLqJ4b ChMk0b\" data-language-for-alternatives=\"en\" data-language-to-translate-into=\"de\" data-phrase-index=\"5\">This will be returned in full as soon as the motorcycle is returned to the rental company undamaged.<\/span><\/span><\/p>\n\t\t\t\t\t\t\t\t<\/div>\n\t\t\t\t<\/div>\n\t\t\t\t<div class=\"elementor-element elementor-element-061202c elementor-widget elementor-widget-heading\" data-id=\"061202c\" data-element_type=\"widget\" data-e-type=\"widget\" data-widget_type=\"heading.default\">\n\t\t\t\t<div class=\"elementor-widget-container\">\n\t\t\t\t\t<h2 class=\"elementor-heading-title elementor-size-default\">9. Motorradr\u00fcckgabe<\/h2>\t\t\t\t<\/div>\n\t\t\t\t<\/div>\n\t\t\t\t<div class=\"elementor-element elementor-element-516e660 elementor-widget elementor-widget-text-editor\" data-id=\"516e660\" data-element_type=\"widget\" data-e-type=\"widget\" data-widget_type=\"text-editor.default\">\n\t\t\t\t<div class=\"elementor-widget-container\">\n\t\t\t\t\t\t\t\t\t<p>Das Motorrad wird voll getankt, in einwandfreiem Zustand und ohne \u00e4u\u00dferlich erkennbare M\u00e4ngel \u00fcbergeben. Der Mieter hat das Motorrad am Ende der Mietzeit am vereinbarten R\u00fcckgabeort, Datum und Uhrzeit mit allen Kfz-Papieren, Fahrzeugschl\u00fcsseln und Zubeh\u00f6r in gleichem Zustand zur\u00fcckzugeben. Bei Verlust  der Fahrzeugschl\u00fcssel  sind diese mit je 150,- Euro vom Mieter zu ersetzen. Bei grober Verschmutzung hat der Mieter die Reinigungskosten zu bezahlen.<\/p>\n<p>Der Vermieter kann den Mietvertrag fristlos k\u00fcndigen, wenn ein wichtiger Grund bekannt wird, der die Fortsetzung des Mietvertrages unzumutbar werden l\u00e4sst. Als wichtige Gr\u00fcnde gelten insbesondere falsche Angaben des Mieters zur Person, zur Bonit\u00e4t sowie die schwerwiegende Verletzung der vertraglichen Verpflichtungen. Im Falle der fristlosen K\u00fcndigung ist das Mietmotorrad sofort, auch vor Ablauf der ordentlichen Mietzeit, zur\u00fcckzugeben. Daneben bleiben Schadensersatzanspr\u00fcche des Vermieters unber\u00fchrt.<\/p>\n\t\t\t\t\t\t\t\t<\/div>\n\t\t\t\t<\/div>\n\t\t\t\t<div class=\"elementor-element elementor-element-bfc4205 elementor-widget elementor-widget-heading\" data-id=\"bfc4205\" data-element_type=\"widget\" data-e-type=\"widget\" data-widget_type=\"heading.default\">\n\t\t\t\t<div class=\"elementor-widget-container\">\n\t\t\t\t\t<h2 class=\"elementor-heading-title elementor-size-default\">10. Schlussbestimmungen<\/h2>\t\t\t\t<\/div>\n\t\t\t\t<\/div>\n\t\t\t\t<div class=\"elementor-element elementor-element-e2f199b elementor-widget elementor-widget-text-editor\" data-id=\"e2f199b\" data-element_type=\"widget\" data-e-type=\"widget\" data-widget_type=\"text-editor.default\">\n\t\t\t\t<div class=\"elementor-widget-container\">\n\t\t\t\t\t\t\t\t\t<p>Es liegen keine Nebenabreden oder Erg\u00e4nzungen zu diesem Mietvertrag vor. Alle vertraglichen Vereinbarungen bed\u00fcrfen ausschlie\u00dflich der Schriftform. Dies gilt auch f\u00fcr eine Aufhebung dieser Klausel.<\/p>\n<p>Sollte eine Bestimmung dieses Vertrages ganz oder teilweise unwirksam sein oder werden, wird dadurch die G\u00fcltigkeit der \u00fcbrigen Bestimmungen nicht ber\u00fchrt. Die Vertragsparteien sind verpflichtet, die unwirksamen Bestimmungen durch Regelungen zu ersetzen, die dem wirtschaftlichen Zweck der unwirksamen Bestimmung m\u00f6glichst nahe kommen.<\/p>\n\t\t\t\t\t\t\t\t<\/div>\n\t\t\t\t<\/div>\n\t\t\t\t\t<\/div>\n\t\t<\/div>\n\t\t\t\t\t<\/div>\n\t\t<\/section>\n\t\t\t\t<\/div>\n\t\t","protected":false},"excerpt":{"rendered":"<p>Allgemeine Gesch\u00e4ftsbedingungen 1. Mietkonditionen von Harley Rentals by ALL IN ONE MALLORCA Das Mindestalter f\u00fcr die Anmietung einer Harley betr\u00e4gt 25 Jahre und der Fahrer muss seit mindestens seit 2 Jahren im Besitz seines Motorrad-F\u00fchrerscheins sein. 2. Miete a) Gegenstand des Vertrages zwischen Mieter und Vermieter ist ausschlie\u00dflich die zeitweise \u00dcberlassung des gebuchten Motorrads. b) [&hellip;]<\/p>\n","protected":false},"author":1,"featured_media":0,"parent":0,"menu_order":13,"comment_status":"closed","ping_status":"closed","template":"","meta":{"_acf_changed":false,"footnotes":""},"class_list":["post-1339","page","type-page","status-publish","hentry"],"acf":[],"_links":{"self":[{"href":"https:\/\/www.all-in-one-mallorca.com\/de\/wp-json\/wp\/v2\/pages\/1339","targetHints":{"allow":["GET"]}}],"collection":[{"href":"https:\/\/www.all-in-one-mallorca.com\/de\/wp-json\/wp\/v2\/pages"}],"about":[{"href":"https:\/\/www.all-in-one-mallorca.com\/de\/wp-json\/wp\/v2\/types\/page"}],"author":[{"embeddable":true,"href":"https:\/\/www.all-in-one-mallorca.com\/de\/wp-json\/wp\/v2\/users\/1"}],"replies":[{"embeddable":true,"href":"https:\/\/www.all-in-one-mallorca.com\/de\/wp-json\/wp\/v2\/comments?post=1339"}],"version-history":[{"count":2,"href":"https:\/\/www.all-in-one-mallorca.com\/de\/wp-json\/wp\/v2\/pages\/1339\/revisions"}],"predecessor-version":[{"id":3295,"href":"https:\/\/www.all-in-one-mallorca.com\/de\/wp-json\/wp\/v2\/pages\/1339\/revisions\/3295"}],"wp:attachment":[{"href":"https:\/\/www.all-in-one-mallorca.com\/de\/wp-json\/wp\/v2\/media?parent=1339"}],"curies":[{"name":"wp","href":"https:\/\/api.w.org\/{rel}","templated":true}]}}